{"id":9964,"date":"2026-03-20T12:50:06","date_gmt":"2026-03-20T12:50:06","guid":{"rendered":"https:\/\/observatoriomovilidad.es\/?page_id=9964"},"modified":"2026-03-20T13:05:46","modified_gmt":"2026-03-20T13:05:46","slug":"9964-2","status":"publish","type":"page","link":"https:\/\/observatoriomovilidad.es\/en\/9964-2\/","title":{"rendered":""},"content":{"rendered":"<h2><\/h2>\n<p style=\"text-align: center;\">El OMM organiza una Jornada T\u00e9cnica anualmente, con el fin de establecer un foro permanente de debate sobre los principales retos y desaf\u00edos del transporte en las \u00e1reas urbanas, abordando los temas de actualidad e inter\u00e9s para la mejora del transporte en nuestras ciudades.<\/p>\n<p style=\"text-align: center;\">Accede a cada una de las jornadas t\u00e9cnica mediante los siguientes enlaces:<\/p>\n<p><a href=\"http:\/\/observatoriomovilidad.es\/en\/xviii-jornada-tecnica-del-omm\/\"><br \/>\n<img fetchpriority=\"high\" decoding=\"async\" src=\"https:\/\/observatoriomovilidad.es\/wp-content\/uploads\/2021\/10\/XVIII_Jornada_Tecnica_Portada-681x1024.jpg\" sizes=\"(max-width: 681px) 100vw, 681px\" srcset=\"https:\/\/observatoriomovilidad.es\/wp-content\/uploads\/2021\/10\/XVIII_Jornada_Tecnica_Portada-681x1024.jpg 681w, https:\/\/observatoriomovilidad.es\/wp-content\/uploads\/2021\/10\/XVIII_Jornada_Tecnica_Portada-199x300.jpg 199w, https:\/\/observatoriomovilidad.es\/wp-content\/uploads\/2021\/10\/XVIII_Jornada_Tecnica_Portada-768x1155.jpg 768w, https:\/\/observatoriomovilidad.es\/wp-content\/uploads\/2021\/10\/XVIII_Jornada_Tecnica_Portada-8x12.jpg 8w, https:\/\/observatoriomovilidad.es\/wp-content\/uploads\/2021\/10\/XVIII_Jornada_Tecnica_Portada.jpg 786w\" alt=\"\" width=\"681\" height=\"1024\" \/> <\/a><\/p>\n<p><a href=\"https:\/\/observatoriomovilidad.es\/en\/xviii-jornada-tecnica-del-omm\/\"><strong>XVIII Jornada T\u00e9cnica<\/strong>\u00a0<\/a><br \/>\n<a href=\"https:\/\/observatoriomovilidad.es\/en\/xviii-jornada-tecnica-del-omm\/\"><strong>Lema:<\/strong> La Integraci\u00f3n como respuesta a una movilidad sostenible y segura<\/a><br \/>\n<a href=\"https:\/\/observatoriomovilidad.es\/en\/xviii-jornada-tecnica-del-omm\/\"><strong>Lugar:<\/strong> C\u00e1diz<\/a><br \/>\n<a href=\"http:\/\/observatoriomovilidad.es\/en\/xviii-jornada-tecnica-del-omm\/\"><strong>Fecha:<\/strong> 22 de octubre de 2021\u00a0 \u00a0 \u00a0\u00a0<\/a><\/p>\n<p><a href=\"https:\/\/observatoriomovilidad.es\/en\/xvii-jornada-tecnica-del-omm\/\"><br \/>\n<img decoding=\"async\" src=\"https:\/\/observatoriomovilidad.es\/wp-content\/uploads\/2021\/09\/Foto_Jornada_XVII_Online.png\" sizes=\"(max-width: 410px) 100vw, 410px\" srcset=\"https:\/\/observatoriomovilidad.es\/wp-content\/uploads\/2021\/09\/Foto_Jornada_XVII_Online.png 410w, https:\/\/observatoriomovilidad.es\/wp-content\/uploads\/2021\/09\/Foto_Jornada_XVII_Online-200x300.png 200w, https:\/\/observatoriomovilidad.es\/wp-content\/uploads\/2021\/09\/Foto_Jornada_XVII_Online-8x12.png 8w\" alt=\"\" width=\"410\" height=\"614\" \/> <\/a><\/p>\n<p><strong><a style=\"color: #000000;\" href=\"https:\/\/observatoriomovilidad.es\/en\/xvii-jornada-tecnica-del-omm\/\">XVII Jornada T\u00e9cnica\u00a0<\/a><\/strong><br \/>\n<a style=\"color: #000000;\" href=\"https:\/\/observatoriomovilidad.es\/en\/xvii-jornada-tecnica-del-omm\/\" rel=\"noopener\"><strong>Lema:<\/strong> Una nueva realidad y nuevos desaf\u00edos para nuestros sistemas de movilidad<\/a><br \/>\n<a style=\"color: #000000;\" href=\"https:\/\/observatoriomovilidad.es\/en\/xvii-jornada-tecnica-del-omm\/\" rel=\"noopener\"><strong>Lugar:<\/strong> online\u00a0 \u00a0 \u00a0 \u00a0 \u00a0\u00a0<\/a><br \/>\n<a style=\"color: #000000;\" href=\"https:\/\/observatoriomovilidad.es\/en\/xvii-jornada-tecnica-del-omm\/\" rel=\"noopener\"><strong>Fecha:<\/strong> 23 de octubre 2020\u00a0 \u00a0 <\/a><\/p>\n<p><a href=\"https:\/\/observatoriomovilidad.es\/en\/xvi-jornada-tecnica-del-omm\/\"><br \/>\n<img decoding=\"async\" src=\"https:\/\/observatoriomovilidad.es\/wp-content\/uploads\/2021\/09\/Foto_Jornada_XVI_Valencia.jpg\" sizes=\"(max-width: 446px) 100vw, 446px\" srcset=\"https:\/\/observatoriomovilidad.es\/wp-content\/uploads\/2021\/09\/Foto_Jornada_XVI_Valencia.jpg 446w, https:\/\/observatoriomovilidad.es\/wp-content\/uploads\/2021\/09\/Foto_Jornada_XVI_Valencia-186x300.jpg 186w, https:\/\/observatoriomovilidad.es\/wp-content\/uploads\/2021\/09\/Foto_Jornada_XVI_Valencia-7x12.jpg 7w\" alt=\"\" width=\"446\" height=\"720\" \/> <\/a><\/p>\n<p><strong><a style=\"color: #000000;\" href=\"https:\/\/observatoriomovilidad.es\/en\/xvi-jornada-tecnica-del-omm\/\">XVI Jornada T\u00e9cnica\u00a0<\/a><\/strong><br \/>\n<a style=\"color: #000000;\" href=\"https:\/\/observatoriomovilidad.es\/en\/xvi-jornada-tecnica-del-omm\/\"><strong>Lema:<\/strong> El transporte p\u00fablico como eje vertebrador de las nuevas formas de movilidad metropolitana<\/a><br \/>\n<a style=\"color: #000000;\" href=\"https:\/\/observatoriomovilidad.es\/en\/xvi-jornada-tecnica-del-omm\/\"><strong>Lugar:<\/strong> Valencia\u00a0<\/a><br \/>\n<a style=\"color: #000000;\" href=\"https:\/\/observatoriomovilidad.es\/en\/xvi-jornada-tecnica-del-omm\/\"><strong>Fecha:<\/strong> 23 de abril de 2019\u00a0 \u00a0 \u00a0 \u00a0<\/a><\/p>\n<p><a href=\"https:\/\/observatoriomovilidad.es\/en\/xv-jornada-tecnica-del-omm\/\"><br \/>\n<img loading=\"lazy\" decoding=\"async\" src=\"https:\/\/observatoriomovilidad.es\/wp-content\/uploads\/2021\/09\/Foto_Jornada_XVI_Pamplona.jpg\" sizes=\"(max-width: 446px) 100vw, 446px\" srcset=\"https:\/\/observatoriomovilidad.es\/wp-content\/uploads\/2021\/09\/Foto_Jornada_XVI_Pamplona.jpg 446w, https:\/\/observatoriomovilidad.es\/wp-content\/uploads\/2021\/09\/Foto_Jornada_XVI_Pamplona-186x300.jpg 186w, https:\/\/observatoriomovilidad.es\/wp-content\/uploads\/2021\/09\/Foto_Jornada_XVI_Pamplona-7x12.jpg 7w\" alt=\"\" width=\"446\" height=\"720\" \/> <\/a><\/p>\n<p><strong><a style=\"color: #000000;\" href=\"https:\/\/observatoriomovilidad.es\/en\/xv-jornada-tecnica-del-omm\/\">XV Jornada T\u00e9cnica\u00a0<\/a><\/strong><br \/>\n<a style=\"color: #000000;\" href=\"https:\/\/observatoriomovilidad.es\/en\/xv-jornada-tecnica-del-omm\/\" rel=\"noopener\"><strong>Lema:<\/strong> Planes de movilidad sostenible y calidad del aire: un reto conjunto<\/a><br \/>\n<a style=\"color: #000000;\" href=\"https:\/\/observatoriomovilidad.es\/en\/xv-jornada-tecnica-del-omm\/\"><strong>Lugar:<\/strong> Pamplona\u00a0 \u00a0<\/a><br \/>\n<a style=\"color: #000000;\" href=\"https:\/\/observatoriomovilidad.es\/en\/xv-jornada-tecnica-del-omm\/\"><strong>Fecha:<\/strong> 22 de junio de 2018\u00a0<\/a><\/p>\n<p><a href=\"https:\/\/observatoriomovilidad.es\/en\/xiv-jornada-tecnica-del-omm\/\"><br \/>\n<img loading=\"lazy\" decoding=\"async\" src=\"https:\/\/observatoriomovilidad.es\/wp-content\/uploads\/2021\/09\/Foto_Jornada_XIV_Malaga-1.jpg\" sizes=\"(max-width: 1040px) 100vw, 1040px\" srcset=\"https:\/\/observatoriomovilidad.es\/wp-content\/uploads\/2021\/09\/Foto_Jornada_XIV_Malaga-1.jpg 1040w, https:\/\/observatoriomovilidad.es\/wp-content\/uploads\/2021\/09\/Foto_Jornada_XIV_Malaga-1-300x208.jpg 300w, https:\/\/observatoriomovilidad.es\/wp-content\/uploads\/2021\/09\/Foto_Jornada_XIV_Malaga-1-1024x709.jpg 1024w, https:\/\/observatoriomovilidad.es\/wp-content\/uploads\/2021\/09\/Foto_Jornada_XIV_Malaga-1-768x532.jpg 768w, https:\/\/observatoriomovilidad.es\/wp-content\/uploads\/2021\/09\/Foto_Jornada_XIV_Malaga-1-18x12.jpg 18w\" alt=\"\" width=\"1040\" height=\"720\" \/> <\/a><\/p>\n<p><strong><a href=\"https:\/\/observatoriomovilidad.es\/en\/xiv-jornada-tecnica-del-omm\/\">XIV Jornada T\u00e9cnica\u00a0<\/a><\/strong><br \/>\n<a style=\"color: #000000;\" href=\"https:\/\/observatoriomovilidad.es\/en\/xiv-jornada-tecnica-del-omm\/\" rel=\"noopener\"><strong>Lema:<\/strong> Menos es MaaS<\/a><br \/>\n<a style=\"color: #000000;\" href=\"https:\/\/observatoriomovilidad.es\/en\/xiv-jornada-tecnica-del-omm\/\"><strong>Lugar:<\/strong> M\u00e1laga<\/a><br \/>\n<a href=\"https:\/\/observatoriomovilidad.es\/en\/xiv-jornada-tecnica-del-omm\/\"><strong>Fecha:<\/strong> 23 de junio de 2017\u00a0 \u00a0 \u00a0 \u00a0<\/a><\/p>\n<p><a href=\"https:\/\/observatoriomovilidad.es\/en\/xiii-jornada-tecnica-del-omm\/\"><br \/>\n<img loading=\"lazy\" decoding=\"async\" src=\"https:\/\/observatoriomovilidad.es\/wp-content\/uploads\/2021\/09\/Foto_Jornada_XIII_Zaragoza-1.jpg\" sizes=\"(max-width: 878px) 100vw, 878px\" srcset=\"https:\/\/observatoriomovilidad.es\/wp-content\/uploads\/2021\/09\/Foto_Jornada_XIII_Zaragoza-1.jpg 878w, https:\/\/observatoriomovilidad.es\/wp-content\/uploads\/2021\/09\/Foto_Jornada_XIII_Zaragoza-1-300x208.jpg 300w, https:\/\/observatoriomovilidad.es\/wp-content\/uploads\/2021\/09\/Foto_Jornada_XIII_Zaragoza-1-768x534.jpg 768w, https:\/\/observatoriomovilidad.es\/wp-content\/uploads\/2021\/09\/Foto_Jornada_XIII_Zaragoza-1-18x12.jpg 18w\" alt=\"\" width=\"878\" height=\"610\" \/> <\/a><\/p>\n<p><strong><a href=\"https:\/\/observatoriomovilidad.es\/en\/xiii-jornada-tecnica-del-omm\/\">XIII Jornada T\u00e9cnica\u00a0<\/a><\/strong><br \/>\n<a style=\"color: #000000;\" href=\"https:\/\/observatoriomovilidad.es\/en\/xiii-jornada-tecnica-del-omm\/\" rel=\"noopener\"><strong>Lema:<\/strong> Movilidad inteligente, econom\u00eda fuerte<\/a><br \/>\n<a style=\"color: #000000;\" href=\"https:\/\/observatoriomovilidad.es\/en\/xiii-jornada-tecnica-del-omm\/\"><strong>Lugar:<\/strong> Zaragoza<\/a><br \/>\n<a style=\"color: #000000;\" href=\"https:\/\/observatoriomovilidad.es\/en\/xiii-jornada-tecnica-del-omm\/\"><strong>Fecha:<\/strong> 21 de junio de 2016\u00a0<\/a><\/p>\n<p><a href=\"https:\/\/observatoriomovilidad.es\/en\/xii-jornada-tecnica-del-omm\/\"><br \/>\n<img loading=\"lazy\" decoding=\"async\" src=\"https:\/\/observatoriomovilidad.es\/wp-content\/uploads\/2021\/09\/Foto_Jornada_XII_Granada.jpg\" sizes=\"(max-width: 255px) 100vw, 255px\" srcset=\"https:\/\/observatoriomovilidad.es\/wp-content\/uploads\/2021\/09\/Foto_Jornada_XII_Granada.jpg 255w, https:\/\/observatoriomovilidad.es\/wp-content\/uploads\/2021\/09\/Foto_Jornada_XII_Granada-165x300.jpg 165w, https:\/\/observatoriomovilidad.es\/wp-content\/uploads\/2021\/09\/Foto_Jornada_XII_Granada-7x12.jpg 7w\" alt=\"\" width=\"255\" height=\"464\" \/> <\/a><\/p>\n<p><a href=\"https:\/\/observatoriomovilidad.es\/en\/xii-jornada-tecnica-del-omm\/\"><strong>XII Jornada T\u00e9cnica<\/strong>\u00a0<\/a><br \/>\n<a style=\"color: #000000;\" href=\"https:\/\/observatoriomovilidad.es\/en\/xii-jornada-tecnica-del-omm\/\"><strong>Lema:<\/strong> Eficiencia y tecnolog\u00eda del transporte urbano y metropolitano<\/a><br \/>\n<a style=\"color: #000000;\" href=\"https:\/\/observatoriomovilidad.es\/en\/xii-jornada-tecnica-del-omm\/\"><strong>Lugar:<\/strong> Granada<\/a><br \/>\n<a style=\"color: #000000;\" href=\"https:\/\/observatoriomovilidad.es\/en\/xii-jornada-tecnica-del-omm\/\"><strong>Fecha:<\/strong> 21 de abril 2015\u00a0 \u00a0<\/a><\/p>\n<p><a href=\"https:\/\/observatoriomovilidad.es\/en\/xi-jornada-tecnica-del-omm-2\/\"><br \/>\n<img loading=\"lazy\" decoding=\"async\" src=\"https:\/\/observatoriomovilidad.es\/wp-content\/uploads\/2021\/09\/Foto_Jornada_XI_Madrid.jpg\" sizes=\"(max-width: 328px) 100vw, 328px\" srcset=\"https:\/\/observatoriomovilidad.es\/wp-content\/uploads\/2021\/09\/Foto_Jornada_XI_Madrid.jpg 328w, https:\/\/observatoriomovilidad.es\/wp-content\/uploads\/2021\/09\/Foto_Jornada_XI_Madrid-180x300.jpg 180w, https:\/\/observatoriomovilidad.es\/wp-content\/uploads\/2021\/09\/Foto_Jornada_XI_Madrid-7x12.jpg 7w\" alt=\"\" width=\"328\" height=\"548\" \/> <\/a><\/p>\n<p><strong><a href=\"https:\/\/observatoriomovilidad.es\/en\/xi-jornada-tecnica-del-omm-2\/\">XI Jornada T\u00e9cnica\u00a0<\/a><\/strong><br \/>\n<a style=\"color: #000000;\" href=\"https:\/\/observatoriomovilidad.es\/en\/xi-jornada-tecnica-del-omm-2\/\"><strong>Lema:<\/strong> La calidad de transporte p\u00fablico al servicio de los usuarios<\/a><br \/>\n<a style=\"color: #000000;\" href=\"https:\/\/observatoriomovilidad.es\/en\/xi-jornada-tecnica-del-omm-2\/\"><strong>Lugar:<\/strong> Madrid\u00a0 \u00a0<\/a><br \/>\n<a style=\"color: #000000;\" href=\"https:\/\/observatoriomovilidad.es\/en\/xi-jornada-tecnica-del-omm-2\/\"><strong>Fecha:<\/strong> 01 de julio 2014\u00a0 \u00a0<\/a><\/p>\n<p><a href=\"https:\/\/observatoriomovilidad.es\/en\/x-jornada-tecnica-del-omm\/\"><br \/>\n<img loading=\"lazy\" decoding=\"async\" src=\"https:\/\/observatoriomovilidad.es\/wp-content\/uploads\/2021\/09\/Foto_Jornada_X_Lleida.jpg\" sizes=\"(max-width: 352px) 100vw, 352px\" srcset=\"https:\/\/observatoriomovilidad.es\/wp-content\/uploads\/2021\/09\/Foto_Jornada_X_Lleida.jpg 352w, https:\/\/observatoriomovilidad.es\/wp-content\/uploads\/2021\/09\/Foto_Jornada_X_Lleida-173x300.jpg 173w, https:\/\/observatoriomovilidad.es\/wp-content\/uploads\/2021\/09\/Foto_Jornada_X_Lleida-7x12.jpg 7w\" alt=\"\" width=\"352\" height=\"610\" \/> <\/a><\/p>\n<p><strong><a style=\"color: #000000;\" href=\"https:\/\/observatoriomovilidad.es\/en\/x-jornada-tecnica-del-omm\/\">X Jornada T\u00e9cnica\u00a0<\/a><\/strong><br \/>\n<a style=\"color: #000000;\" href=\"https:\/\/observatoriomovilidad.es\/en\/x-jornada-tecnica-del-omm\/\"><strong>Lema:<\/strong> Movilidad y Urbanismo en Ciudades Intermedias.<\/a><br \/>\n<a style=\"color: #000000;\" href=\"https:\/\/observatoriomovilidad.es\/en\/x-jornada-tecnica-del-omm\/\"><strong>Lugar:<\/strong> Lleida<\/a><br \/>\n<a style=\"color: #000000;\" href=\"https:\/\/observatoriomovilidad.es\/en\/x-jornada-tecnica-del-omm\/\"><strong>Fecha:<\/strong> 06 de junio de 2013\u00a0<\/a><\/p>\n<p><a href=\"https:\/\/observatoriomovilidad.es\/en\/ix-jornada-tecnica-del-omm\/\"><br \/>\n<img loading=\"lazy\" decoding=\"async\" src=\"https:\/\/observatoriomovilidad.es\/wp-content\/uploads\/2021\/09\/Foto_Jornada_IX_Donosti-San-Sebastian.jpg\" sizes=\"(max-width: 288px) 100vw, 288px\" srcset=\"https:\/\/observatoriomovilidad.es\/wp-content\/uploads\/2021\/09\/Foto_Jornada_IX_Donosti-San-Sebastian.jpg 288w, https:\/\/observatoriomovilidad.es\/wp-content\/uploads\/2021\/09\/Foto_Jornada_IX_Donosti-San-Sebastian-147x300.jpg 147w, https:\/\/observatoriomovilidad.es\/wp-content\/uploads\/2021\/09\/Foto_Jornada_IX_Donosti-San-Sebastian-6x12.jpg 6w\" alt=\"\" width=\"288\" height=\"589\" \/> <\/a><\/p>\n<p><strong><a style=\"color: #000000;\" href=\"https:\/\/observatoriomovilidad.es\/en\/ix-jornada-tecnica-del-omm\/\">IX Jornada T\u00e9cnica\u00a0<\/a><\/strong><br \/>\n<a style=\"color: #000000;\" href=\"https:\/\/observatoriomovilidad.es\/en\/ix-jornada-tecnica-del-omm\/\"><strong>Lema:<\/strong> Planificar con y para el ciudadano<\/a><br \/>\n<a style=\"color: #000000;\" href=\"https:\/\/observatoriomovilidad.es\/en\/ix-jornada-tecnica-del-omm\/\"><strong>Lugar:<\/strong> Donosti &#8211; San Sebasti\u00e1n\u00a0 \u00a0<\/a><br \/>\n<a style=\"color: #000000;\" href=\"https:\/\/observatoriomovilidad.es\/en\/ix-jornada-tecnica-del-omm\/\"><strong>Fecha:<\/strong> 01 de junio de 2012\u00a0 <\/a><\/p>\n<p><a href=\"https:\/\/observatoriomovilidad.es\/en\/viii-jornada-tecnica-del-omm\/\"><br \/>\n<img loading=\"lazy\" decoding=\"async\" src=\"https:\/\/observatoriomovilidad.es\/wp-content\/uploads\/2021\/09\/Foto_Jornada_VII_Palma-de-Mallorca.jpg\" sizes=\"(max-width: 330px) 100vw, 330px\" srcset=\"https:\/\/observatoriomovilidad.es\/wp-content\/uploads\/2021\/09\/Foto_Jornada_VII_Palma-de-Mallorca.jpg 330w, https:\/\/observatoriomovilidad.es\/wp-content\/uploads\/2021\/09\/Foto_Jornada_VII_Palma-de-Mallorca-172x300.jpg 172w, https:\/\/observatoriomovilidad.es\/wp-content\/uploads\/2021\/09\/Foto_Jornada_VII_Palma-de-Mallorca-7x12.jpg 7w\" alt=\"\" width=\"330\" height=\"577\" \/> <\/a><\/p>\n<p><strong><a style=\"color: #000000;\" href=\"https:\/\/observatoriomovilidad.es\/en\/viii-jornada-tecnica-del-omm\/\">VIII Jornada T\u00e9cnica\u00a0<\/a><\/strong><br \/>\n<a style=\"color: #000000;\" href=\"https:\/\/observatoriomovilidad.es\/en\/viii-jornada-tecnica-del-omm\/\"><strong>Lema:<\/strong> Por una movilidad inteligente y eficiente<\/a><br \/>\n<a style=\"color: #000000;\" href=\"https:\/\/observatoriomovilidad.es\/en\/viii-jornada-tecnica-del-omm\/\"><strong>Lugar:<\/strong> Palma de Mallorca\u00a0 \u00a0<\/a><br \/>\n<a href=\"https:\/\/observatoriomovilidad.es\/en\/viii-jornada-tecnica-del-omm\/\"><strong>Fecha:<\/strong> 07 y 08 de abril de 2011\u00a0 \u00a0 \u00a0 \u00a0 \u00a0<\/a><\/p>\n<p><a href=\"https:\/\/observatoriomovilidad.es\/en\/vii-jornada-tecnica-del-omm\/\"><br \/>\n<img loading=\"lazy\" decoding=\"async\" src=\"https:\/\/observatoriomovilidad.es\/wp-content\/uploads\/2021\/09\/Foto_Jornada_VII_Murcia.jpg\" sizes=\"(max-width: 329px) 100vw, 329px\" srcset=\"https:\/\/observatoriomovilidad.es\/wp-content\/uploads\/2021\/09\/Foto_Jornada_VII_Murcia.jpg 329w, https:\/\/observatoriomovilidad.es\/wp-content\/uploads\/2021\/09\/Foto_Jornada_VII_Murcia-169x300.jpg 169w, https:\/\/observatoriomovilidad.es\/wp-content\/uploads\/2021\/09\/Foto_Jornada_VII_Murcia-7x12.jpg 7w\" alt=\"\" width=\"329\" height=\"585\" \/> <\/a><\/p>\n<p><strong><a style=\"color: #000000;\" href=\"https:\/\/observatoriomovilidad.es\/en\/vii-jornada-tecnica-del-omm\/\">VII Jornada T\u00e9cnica\u00a0<\/a><\/strong><br \/>\n<a style=\"color: #000000;\" href=\"https:\/\/observatoriomovilidad.es\/en\/vii-jornada-tecnica-del-omm\/\"><strong>Lema:<\/strong> El ciudadano como protagonista de la Movilidad. \u00abPor una movilidad saludable\u00bb<\/a><br \/>\n<a style=\"color: #000000;\" href=\"https:\/\/observatoriomovilidad.es\/en\/vii-jornada-tecnica-del-omm\/\"><strong>Lugar:<\/strong> Murcia\u00a0 \u00a0<\/a><br \/>\n<a style=\"color: #000000;\" href=\"https:\/\/observatoriomovilidad.es\/en\/vii-jornada-tecnica-del-omm\/\"><strong>Fecha:<\/strong> 17 y 18 de junio de 2010\u00a0 \u00a0<\/a><\/p>\n<p><a href=\"https:\/\/observatoriomovilidad.es\/en\/vi-jornada-tecnica-del-omm\/\"><br \/>\n<img loading=\"lazy\" decoding=\"async\" src=\"https:\/\/observatoriomovilidad.es\/wp-content\/uploads\/2021\/09\/Foto_Jornada_VI_Palmas-de-la-Gran-Canaria.jpg\" sizes=\"(max-width: 301px) 100vw, 301px\" srcset=\"https:\/\/observatoriomovilidad.es\/wp-content\/uploads\/2021\/09\/Foto_Jornada_VI_Palmas-de-la-Gran-Canaria.jpg 301w, https:\/\/observatoriomovilidad.es\/wp-content\/uploads\/2021\/09\/Foto_Jornada_VI_Palmas-de-la-Gran-Canaria-153x300.jpg 153w, https:\/\/observatoriomovilidad.es\/wp-content\/uploads\/2021\/09\/Foto_Jornada_VI_Palmas-de-la-Gran-Canaria-6x12.jpg 6w\" alt=\"\" width=\"301\" height=\"592\" \/> <\/a><\/p>\n<p><a href=\"https:\/\/observatoriomovilidad.es\/en\/vi-jornada-tecnica-del-omm\/\"><strong>VI Jornada T\u00e9cnica<\/strong>\u00a0<\/a><br \/>\n<a style=\"color: #000000;\" href=\"https:\/\/observatoriomovilidad.es\/en\/vi-jornada-tecnica-del-omm\/\"><strong>Lema:<\/strong> Las autoridades de transporte para un aire limpio para todos<\/a><br \/>\n<a style=\"color: #000000;\" href=\"https:\/\/observatoriomovilidad.es\/en\/vi-jornada-tecnica-del-omm\/\"><strong>Lugar:<\/strong> Palmas de Gran Canaria\u00a0 \u00a0<\/a><br \/>\n<a style=\"color: #000000;\" href=\"https:\/\/observatoriomovilidad.es\/en\/vi-jornada-tecnica-del-omm\/\"><strong>Fecha:<\/strong> 18 y 19 de junio de 2009\u00a0 \u00a0 \u00a0 \u00a0<\/a><\/p>\n<p><a href=\"https:\/\/observatoriomovilidad.es\/en\/v-jornada-tecnica-del-omm\/\"><br \/>\n<img loading=\"lazy\" decoding=\"async\" src=\"https:\/\/observatoriomovilidad.es\/wp-content\/uploads\/2021\/10\/V_Foto_Jornada_Tecnica_Portada.jpg\" sizes=\"(max-width: 322px) 100vw, 322px\" srcset=\"https:\/\/observatoriomovilidad.es\/wp-content\/uploads\/2021\/10\/V_Foto_Jornada_Tecnica_Portada.jpg 322w, https:\/\/observatoriomovilidad.es\/wp-content\/uploads\/2021\/10\/V_Foto_Jornada_Tecnica_Portada-161x300.jpg 161w, https:\/\/observatoriomovilidad.es\/wp-content\/uploads\/2021\/10\/V_Foto_Jornada_Tecnica_Portada-6x12.jpg 6w\" alt=\"\" width=\"322\" height=\"600\" \/> <\/a><\/p>\n<p><strong><a style=\"color: #000000;\" href=\"https:\/\/observatoriomovilidad.es\/en\/v-jornada-tecnica-del-omm\/\">V Jornada T\u00e9cnica\u00a0<\/a><\/strong><br \/>\n<a style=\"color: #000000;\" href=\"https:\/\/observatoriomovilidad.es\/en\/v-jornada-tecnica-del-omm\/\"><strong>Lema:<\/strong> Las autoridades de transporte y el cambio clim\u00e1tico<\/a><br \/>\n<a style=\"color: #000000;\" href=\"https:\/\/observatoriomovilidad.es\/en\/v-jornada-tecnica-del-omm\/\"><strong>Lugar:<\/strong> Valencia\u00a0<\/a><br \/>\n<a href=\"https:\/\/observatoriomovilidad.es\/en\/v-jornada-tecnica-del-omm\/\"><strong>Fecha: <\/strong>17 de junio de 2008\u00a0 \u00a0 \u00a0<\/a><\/p>\n<p><a href=\"https:\/\/observatoriomovilidad.es\/en\/iv-jornada-tecnica-del-omm\/\"><br \/>\n<img loading=\"lazy\" decoding=\"async\" src=\"https:\/\/observatoriomovilidad.es\/wp-content\/uploads\/2021\/09\/Foto_Jornada_IV_Barcelona.jpg\" sizes=\"(max-width: 303px) 100vw, 303px\" srcset=\"https:\/\/observatoriomovilidad.es\/wp-content\/uploads\/2021\/09\/Foto_Jornada_IV_Barcelona.jpg 303w, https:\/\/observatoriomovilidad.es\/wp-content\/uploads\/2021\/09\/Foto_Jornada_IV_Barcelona-151x300.jpg 151w, https:\/\/observatoriomovilidad.es\/wp-content\/uploads\/2021\/09\/Foto_Jornada_IV_Barcelona-6x12.jpg 6w\" alt=\"\" width=\"303\" height=\"602\" \/> <\/a><\/p>\n<p><strong><a style=\"color: #000000;\" href=\"https:\/\/observatoriomovilidad.es\/en\/iv-jornada-tecnica-del-omm\/\">IV Jornada T\u00e9cnica\u00a0<\/a><\/strong><br \/>\n<a style=\"color: #000000;\" href=\"https:\/\/observatoriomovilidad.es\/en\/iv-jornada-tecnica-del-omm\/\"><strong>Lema:<\/strong> El Papel de las Autoridades del Transporte en la integraci\u00f3n modal.<\/a><br \/>\n<a style=\"color: #000000;\" href=\"https:\/\/observatoriomovilidad.es\/en\/iv-jornada-tecnica-del-omm\/\"><strong>Lugar:<\/strong> Barcelona<\/a><br \/>\n<a style=\"color: #000000;\" href=\"https:\/\/observatoriomovilidad.es\/en\/iv-jornada-tecnica-del-omm\/\"><strong>Fecha:<\/strong> 27 de marzo de 2007\u00a0 \u00a0\u00a0<\/a><\/p>\n<p><a href=\"https:\/\/observatoriomovilidad.es\/en\/iii-jornada-tecnica-del-omm\/\"><br \/>\n<img loading=\"lazy\" decoding=\"async\" src=\"https:\/\/observatoriomovilidad.es\/wp-content\/uploads\/2021\/09\/Foto_Jornada_III_Sevilla-1.jpg\" sizes=\"(max-width: 295px) 100vw, 295px\" srcset=\"https:\/\/observatoriomovilidad.es\/wp-content\/uploads\/2021\/09\/Foto_Jornada_III_Sevilla-1.jpg 295w, https:\/\/observatoriomovilidad.es\/wp-content\/uploads\/2021\/09\/Foto_Jornada_III_Sevilla-1-146x300.jpg 146w, https:\/\/observatoriomovilidad.es\/wp-content\/uploads\/2021\/09\/Foto_Jornada_III_Sevilla-1-6x12.jpg 6w\" alt=\"\" width=\"295\" height=\"605\" \/> <\/a><\/p>\n<p><strong><a style=\"color: #000000;\" href=\"https:\/\/observatoriomovilidad.es\/en\/iii-jornada-tecnica-del-omm\/\">III Jornada T\u00e9cnica\u00a0<\/a><\/strong><br \/>\n<a style=\"color: #000000;\" href=\"https:\/\/observatoriomovilidad.es\/en\/iii-jornada-tecnica-del-omm\/\"><strong>Lema:<\/strong> El papel de las Autoridades de Transporte en la gesti\u00f3n de la demanda de transporte<\/a><br \/>\n<a style=\"color: #000000;\" href=\"https:\/\/observatoriomovilidad.es\/en\/iii-jornada-tecnica-del-omm\/\"><strong>Lugar:<\/strong> Sevilla\u00a0 \u00a0 \u00a0\u00a0<\/a><br \/>\n<a style=\"color: #000000;\" href=\"https:\/\/observatoriomovilidad.es\/en\/iii-jornada-tecnica-del-omm\/\"><strong>Fecha:<\/strong> 08 y 09 de junio de junio de 2006\u00a0 \u00a0 \u00a0 \u00a0 \u00a0<\/a><\/p>\n<p><a href=\"https:\/\/observatoriomovilidad.es\/en\/ii-jornada-tecnica-del-omm\/\"><br \/>\n<img loading=\"lazy\" decoding=\"async\" src=\"https:\/\/observatoriomovilidad.es\/wp-content\/uploads\/2021\/09\/Foto_Jornada_II_Pamplona.jpg\" sizes=\"(max-width: 232px) 100vw, 232px\" srcset=\"https:\/\/observatoriomovilidad.es\/wp-content\/uploads\/2021\/09\/Foto_Jornada_II_Pamplona.jpg 232w, https:\/\/observatoriomovilidad.es\/wp-content\/uploads\/2021\/09\/Foto_Jornada_II_Pamplona-140x300.jpg 140w, https:\/\/observatoriomovilidad.es\/wp-content\/uploads\/2021\/09\/Foto_Jornada_II_Pamplona-6x12.jpg 6w\" alt=\"\" width=\"232\" height=\"496\" \/> <\/a><\/p>\n<p><strong><a style=\"color: #000000;\" href=\"https:\/\/observatoriomovilidad.es\/en\/ii-jornada-tecnica-del-omm\/\">II Jornada T\u00e9cnica\u00a0<\/a><\/strong><br \/>\n<a style=\"color: #000000;\" href=\"https:\/\/observatoriomovilidad.es\/en\/ii-jornada-tecnica-del-omm\/\"><strong>Lema:<\/strong> El papel de las Autoridades de Transporte en la gesti\u00f3n sostenible del transporte p\u00fablico<\/a><br \/>\n<a style=\"color: #000000;\" href=\"https:\/\/observatoriomovilidad.es\/en\/ii-jornada-tecnica-del-omm\/\"><strong>Lugar: <\/strong>Pamplona<\/a><br \/>\n<a style=\"color: #000000;\" href=\"https:\/\/observatoriomovilidad.es\/en\/ii-jornada-tecnica-del-omm\/\"><strong>Fecha:<\/strong> 14 y 15 de noviembre\u00a0 de 2005\u00a0<\/a><\/p>\n<p><a href=\"https:\/\/observatoriomovilidad.es\/en\/i-jornada-tecnica-del-omm\/\"><br \/>\n<img loading=\"lazy\" decoding=\"async\" src=\"https:\/\/observatoriomovilidad.es\/wp-content\/uploads\/2021\/09\/Foto_Jornada_I_Oviedo.jpg\" sizes=\"(max-width: 288px) 100vw, 288px\" srcset=\"https:\/\/observatoriomovilidad.es\/wp-content\/uploads\/2021\/09\/Foto_Jornada_I_Oviedo.jpg 288w, https:\/\/observatoriomovilidad.es\/wp-content\/uploads\/2021\/09\/Foto_Jornada_I_Oviedo-172x300.jpg 172w, https:\/\/observatoriomovilidad.es\/wp-content\/uploads\/2021\/09\/Foto_Jornada_I_Oviedo-7x12.jpg 7w\" alt=\"\" width=\"288\" height=\"502\" \/> <\/a><\/p>\n<p><strong><a href=\"https:\/\/observatoriomovilidad.es\/en\/i-jornada-tecnica-del-omm\/\">I Jornada T\u00e9cnica\u00a0<\/a><\/strong><br \/>\n<a style=\"color: #000000;\" href=\"https:\/\/observatoriomovilidad.es\/en\/i-jornada-tecnica-del-omm\/\"><strong>Lema:<\/strong> El papel de las Autoridades de Transporte en la sostenibilidad urbana<\/a><br \/>\n<a style=\"color: #000000;\" href=\"https:\/\/observatoriomovilidad.es\/en\/i-jornada-tecnica-del-omm\/\"><strong>Lugar:<\/strong> Oviedo<\/a><br \/>\n<a style=\"color: #000000;\" href=\"https:\/\/observatoriomovilidad.es\/en\/i-jornada-tecnica-del-omm\/\"><strong>Fecha:<\/strong> 08 y 09 de marzo de 2005\u00a0 \u00a0<\/a><\/p>","protected":false},"excerpt":{"rendered":"<p>El OMM organiza una Jornada T\u00e9cnica anualmente, con el fin de establecer un foro permanente de debate sobre los principales retos y desaf\u00edos del transporte en las \u00e1reas urbanas, abordando los temas de actualidad e inter\u00e9s para la mejora del transporte en nuestras ciudades. Accede a cada una de las jornadas t\u00e9cnica mediante los siguientes [&hellip;]<\/p>\n","protected":false},"author":1,"featured_media":0,"parent":0,"menu_order":0,"comment_status":"closed","ping_status":"closed","template":"","meta":{"site-sidebar-layout":"no-sidebar","site-content-layout":"page-builder","ast-site-content-layout":"full-width-container","site-content-style":"unboxed","site-sidebar-style":"unboxed","ast-global-header-display":"","ast-banner-title-visibility":"","ast-main-header-display":"","ast-hfb-above-header-display":"","ast-hfb-below-header-display":"","ast-hfb-mobile-header-display":"","site-post-title":"","ast-breadcrumbs-content":"","ast-featured-img":"","footer-sml-layout":"","ast-disable-related-posts":"","theme-transparent-header-meta":"enabled","adv-header-id-meta":"","stick-header-meta":"","header-above-stick-meta":"","header-main-stick-meta":"","header-below-stick-meta":"","astra-migrate-meta-layouts":"set","ast-page-background-enabled":"default","ast-page-background-meta":{"desktop":{"background-color":"","background-image":"","background-repeat":"repeat","background-position":"center center","background-size":"auto","background-attachment":"scroll","background-type":"","background-media":"","overlay-type":"","overlay-color":"","overlay-opacity":"","overlay-gradient":""},"tablet":{"background-color":"","background-image":"","background-repeat":"repeat","background-position":"center center","background-size":"auto","background-attachment":"scroll","background-type":"","background-media":"","overlay-type":"","overlay-color":"","overlay-opacity":"","overlay-gradient":""},"mobile":{"background-color":"","background-image":"","background-repeat":"repeat","background-position":"center center","background-size":"auto","background-attachment":"scroll","background-type":"","background-media":"","overlay-type":"","overlay-color":"","overlay-opacity":"","overlay-gradient":""}},"ast-content-background-meta":{"desktop":{"background-color":"var(--ast-global-color-5)","background-image":"","background-repeat":"repeat","background-position":"center center","background-size":"auto","background-attachment":"scroll","background-type":"","background-media":"","overlay-type":"","overlay-color":"","overlay-opacity":"","overlay-gradient":""},"tablet":{"background-color":"var(--ast-global-color-5)","background-image":"","background-repeat":"repeat","background-position":"center center","background-size":"auto","background-attachment":"scroll","background-type":"","background-media":"","overlay-type":"","overlay-color":"","overlay-opacity":"","overlay-gradient":""},"mobile":{"background-color":"var(--ast-global-color-5)","background-image":"","background-repeat":"repeat","background-position":"center center","background-size":"auto","background-attachment":"scroll","background-type":"","background-media":"","overlay-type":"","overlay-color":"","overlay-opacity":"","overlay-gradient":""}},"footnotes":"","_links_to":"","_links_to_target":""},"class_list":["post-9964","page","type-page","status-publish","hentry"],"_links":{"self":[{"href":"https:\/\/observatoriomovilidad.es\/en\/wp-json\/wp\/v2\/pages\/9964","targetHints":{"allow":["GET"]}}],"collection":[{"href":"https:\/\/observatoriomovilidad.es\/en\/wp-json\/wp\/v2\/pages"}],"about":[{"href":"https:\/\/observatoriomovilidad.es\/en\/wp-json\/wp\/v2\/types\/page"}],"author":[{"embeddable":true,"href":"https:\/\/observatoriomovilidad.es\/en\/wp-json\/wp\/v2\/users\/1"}],"replies":[{"embeddable":true,"href":"https:\/\/observatoriomovilidad.es\/en\/wp-json\/wp\/v2\/comments?post=9964"}],"version-history":[{"count":1,"href":"https:\/\/observatoriomovilidad.es\/en\/wp-json\/wp\/v2\/pages\/9964\/revisions"}],"predecessor-version":[{"id":9965,"href":"https:\/\/observatoriomovilidad.es\/en\/wp-json\/wp\/v2\/pages\/9964\/revisions\/9965"}],"wp:attachment":[{"href":"https:\/\/observatoriomovilidad.es\/en\/wp-json\/wp\/v2\/media?parent=9964"}],"curies":[{"name":"wp","href":"https:\/\/api.w.org\/{rel}","templated":true}]}}